{"id":355,"date":"2021-07-15T16:38:18","date_gmt":"2021-07-15T16:38:18","guid":{"rendered":"https:\/\/europedirect-karlovac.eu\/?page_id=355"},"modified":"2022-08-29T07:31:21","modified_gmt":"2022-08-29T06:31:21","slug":"novosti","status":"publish","type":"page","link":"https:\/\/europedirect-karlovac.eu\/en\/novosti\/","title":{"rendered":"News"},"content":{"rendered":"<div data-elementor-type=\"wp-page\" data-elementor-id=\"355\" class=\"elementor elementor-355\">\n\t\t\t\t\t\t<section class=\"elementor-section elementor-top-section elementor-element elementor-element-fff39a7 elementor-section-boxed elementor-section-height-default elementor-section-height-default\" data-id=\"fff39a7\" data-element_type=\"section\">\n\t\t\t\t\t\t<div class=\"elementor-container elementor-column-gap-default\">\n\t\t\t\t\t<div class=\"elementor-column elementor-col-100 elementor-top-column elementor-element elementor-element-1af462d\" data-id=\"1af462d\" data-element_type=\"column\">\n\t\t\t<div class=\"elementor-widget-wrap elementor-element-populated\">\n\t\t\t\t\t\t<div class=\"elementor-element elementor-element-0f3e7fe elementor-widget elementor-widget-raven-posts\" data-id=\"0f3e7fe\" data-element_type=\"widget\" data-settings=\"{&quot;classic_show_pagination&quot;:&quot;yes&quot;,&quot;_skin&quot;:&quot;classic&quot;,&quot;classic_layout&quot;:&quot;grid&quot;,&quot;classic_columns&quot;:&quot;3&quot;,&quot;classic_columns_tablet&quot;:&quot;2&quot;,&quot;classic_columns_mobile&quot;:&quot;1&quot;,&quot;query_posts_per_page&quot;:6,&quot;classic_pagination_type&quot;:&quot;page_based&quot;,&quot;query_offset&quot;:0}\" data-widget_type=\"raven-posts.classic\">\n\t\t\t\t<div class=\"elementor-widget-container\">\n\t\t\t\t\t\t\t<div class=\"raven-posts raven-grid raven-grid-3 raven-grid-mobile-1 raven-grid-tablet-2\" data-post-id=\"355\" data-archive-query=\"\" data-lang=\"\">\r\n\t\t\t\t<div class=\"raven-grid-item raven-post-item post-1198 post type-post status-publish format-standard has-post-thumbnail hentry category-vijesti\">\r\n\t\t\t<div class=\"raven-post\">\r\n\t\t\t\t\t\t<div class=\"raven-post-image-wrap\">\r\n\t\t\t<a class=\"raven-post-image raven-image-fit\" href=\"https:\/\/europedirect-karlovac.eu\/en\/izjava-za-medije-predsjednice-von-der-leyen-o-prvih-100-dana-europske-komisije-2024-2029\/\"><img fetchpriority=\"high\" decoding=\"async\" width=\"991\" height=\"661\" src=\"https:\/\/europedirect-karlovac.eu\/wp-content\/uploads\/2025\/03\/P065894-672335.jpg\" class=\"attachment-large size-large wp-image-1201\" alt=\"\" \/> <span class=\"raven-post-image-overlay\"><\/span><\/a>\t\t<\/div>\r\n\t\t\t\t\t\t<div class=\"raven-post-content\">\r\n\t\t\t\t\t<h3 class=\"raven-post-title\"><a class=\"raven-post-title-link\" href=\"https:\/\/europedirect-karlovac.eu\/en\/izjava-za-medije-predsjednice-von-der-leyen-o-prvih-100-dana-europske-komisije-2024-2029\/\">Izjava za medije predsjednice von der Leyen o prvih 100 dana Europske komisije 2024. &#8211; 2029.<\/a><\/h3>\t\t<div class=\"raven-post-meta\"><a class=\"raven-post-meta-item raven-post-date\" href=\"https:\/\/europedirect-karlovac.eu\/en\/2025\/03\/\" rel=\"bookmark\">12\/03\/2025<\/a>\n<span class=\"raven-post-meta-divider\">\/<\/span>\n<a class=\"raven-post-meta-item raven-post-author\" href=\"https:\/\/europedirect-karlovac.eu\/en\/author\/admin\/\">admin<\/a>\n<span class=\"raven-post-meta-divider\">\/<\/span>\n<span class=\"raven-post-meta-item raven-post-categories\"><a href=\"https:\/\/europedirect-karlovac.eu\/en\/category\/vijesti\/\" rel=\"tag\">Vijesti<\/a><\/span>\n<span class=\"raven-post-meta-divider\">\/<\/span>\n<a class=\"raven-post-meta-item raven-post-comments\" href=\"https:\/\/europedirect-karlovac.eu\/en\/izjava-za-medije-predsjednice-von-der-leyen-o-prvih-100-dana-europske-komisije-2024-2029\/#comments\" rel=\"bookmark\">No Comments<\/a><\/div>\r\n\t\t<div class=\"raven-post-excerpt\">\u201cU utorak \u0107emo obilje\u017eiti 100 dana od stupanja na du\u017enost Kolegija povjerenika. U 100 dana od 1. prosinca lani \u010dini se kao da je pro\u0161ao cijeli jedan \u017eivot. Svijet oko<\/div>\t\t<div class=\"raven-post-read-more\">\r\n\t\t\t<a class=\"raven-post-button\" href=\"https:\/\/europedirect-karlovac.eu\/en\/izjava-za-medije-predsjednice-von-der-leyen-o-prvih-100-dana-europske-komisije-2024-2029\/\"><span class=\"raven-post-button-text\">Read More<\/span><\/a>\r\n\t\t<\/div>\r\n\t\t\t\t\t\t<\/div>\r\n\t\t\t<\/div>\r\n\t\t<\/div>\r\n\t\t\t\t<div class=\"raven-grid-item raven-post-item post-1193 post type-post status-publish format-standard has-post-thumbnail hentry category-vijesti\">\r\n\t\t\t<div class=\"raven-post\">\r\n\t\t\t\t\t\t<div class=\"raven-post-image-wrap\">\r\n\t\t\t<a class=\"raven-post-image raven-image-fit\" href=\"https:\/\/europedirect-karlovac.eu\/en\/komisija-dodjeljuje-99-milijuna-eura-hitne-potpore-poljoprivrednicima-u-spanjolskoj-hrvatskoj-cipru-latviji-i-madarskoj\/\"><img decoding=\"async\" width=\"826\" height=\"551\" src=\"https:\/\/europedirect-karlovac.eu\/wp-content\/uploads\/2025\/02\/1290.png\" class=\"attachment-large size-large wp-image-1194\" alt=\"\" \/> <span class=\"raven-post-image-overlay\"><\/span><\/a>\t\t<\/div>\r\n\t\t\t\t\t\t<div class=\"raven-post-content\">\r\n\t\t\t\t\t<h3 class=\"raven-post-title\"><a class=\"raven-post-title-link\" href=\"https:\/\/europedirect-karlovac.eu\/en\/komisija-dodjeljuje-99-milijuna-eura-hitne-potpore-poljoprivrednicima-u-spanjolskoj-hrvatskoj-cipru-latviji-i-madarskoj\/\">Commission grants EUR 99 million in emergency support to farmers in Spain, Croatia, Cyprus, Latvia and Hungary<\/a><\/h3>\t\t<div class=\"raven-post-meta\"><a class=\"raven-post-meta-item raven-post-date\" href=\"https:\/\/europedirect-karlovac.eu\/en\/2025\/02\/\" rel=\"bookmark\">25\/02\/2025<\/a>\n<span class=\"raven-post-meta-divider\">\/<\/span>\n<a class=\"raven-post-meta-item raven-post-author\" href=\"https:\/\/europedirect-karlovac.eu\/en\/author\/admin\/\">admin<\/a>\n<span class=\"raven-post-meta-divider\">\/<\/span>\n<span class=\"raven-post-meta-item raven-post-categories\"><a href=\"https:\/\/europedirect-karlovac.eu\/en\/category\/vijesti\/\" rel=\"tag\">Vijesti<\/a><\/span>\n<span class=\"raven-post-meta-divider\">\/<\/span>\n<a class=\"raven-post-meta-item raven-post-comments\" href=\"https:\/\/europedirect-karlovac.eu\/en\/komisija-dodjeljuje-99-milijuna-eura-hitne-potpore-poljoprivrednicima-u-spanjolskoj-hrvatskoj-cipru-latviji-i-madarskoj\/#comments\" rel=\"bookmark\">No Comments<\/a><\/div>\r\n\t\t<div class=\"raven-post-excerpt\">Dr\u017eave \u010dlanice dale su pozitivno mi\u0161ljenje o prijedlogu Komisije da se\u00a0iz pri\u010duve za poljoprivredu mobilizira 98,6 milijuna eura\u00a0za izravnu potporu poljoprivrednicima u\u00a0\u0160panjolskoj,\u00a0Hrvatskoj, Cipru, Latviji i Ma\u0111arskoj. Dr\u017eave \u010dlanice dale su<\/div>\t\t<div class=\"raven-post-read-more\">\r\n\t\t\t<a class=\"raven-post-button\" href=\"https:\/\/europedirect-karlovac.eu\/en\/komisija-dodjeljuje-99-milijuna-eura-hitne-potpore-poljoprivrednicima-u-spanjolskoj-hrvatskoj-cipru-latviji-i-madarskoj\/\"><span class=\"raven-post-button-text\">Read More<\/span><\/a>\r\n\t\t<\/div>\r\n\t\t\t\t\t\t<\/div>\r\n\t\t\t<\/div>\r\n\t\t<\/div>\r\n\t\t\t\t<div class=\"raven-grid-item raven-post-item post-1171 post type-post status-publish format-standard has-post-thumbnail hentry category-vijesti\">\r\n\t\t\t<div class=\"raven-post\">\r\n\t\t\t\t\t\t<div class=\"raven-post-image-wrap\">\r\n\t\t\t<a class=\"raven-post-image raven-image-fit\" href=\"https:\/\/europedirect-karlovac.eu\/en\/proslavili-smo-dan-europe\/\"><img decoding=\"async\" width=\"700\" height=\"400\" src=\"https:\/\/europedirect-karlovac.eu\/wp-content\/uploads\/2024\/05\/dan_eu.jpg\" class=\"attachment-large size-large wp-image-1172\" alt=\"\" \/> <span class=\"raven-post-image-overlay\"><\/span><\/a>\t\t<\/div>\r\n\t\t\t\t\t\t<div class=\"raven-post-content\">\r\n\t\t\t\t\t<h3 class=\"raven-post-title\"><a class=\"raven-post-title-link\" href=\"https:\/\/europedirect-karlovac.eu\/en\/proslavili-smo-dan-europe\/\">WE CELEBRATED EUROPE DAY!<\/a><\/h3>\t\t<div class=\"raven-post-meta\"><a class=\"raven-post-meta-item raven-post-date\" href=\"https:\/\/europedirect-karlovac.eu\/en\/2024\/05\/\" rel=\"bookmark\">13\/05\/2024<\/a>\n<span class=\"raven-post-meta-divider\">\/<\/span>\n<a class=\"raven-post-meta-item raven-post-author\" href=\"https:\/\/europedirect-karlovac.eu\/en\/author\/admin\/\">admin<\/a>\n<span class=\"raven-post-meta-divider\">\/<\/span>\n<span class=\"raven-post-meta-item raven-post-categories\"><a href=\"https:\/\/europedirect-karlovac.eu\/en\/category\/vijesti\/\" rel=\"tag\">Vijesti<\/a><\/span>\n<span class=\"raven-post-meta-divider\">\/<\/span>\n<a class=\"raven-post-meta-item raven-post-comments\" href=\"https:\/\/europedirect-karlovac.eu\/en\/proslavili-smo-dan-europe\/#comments\" rel=\"bookmark\">No Comments<\/a><\/div>\r\n\t\t<div class=\"raven-post-excerpt\">Danom Europe kojega svake godine obilje\u017eavamo 9. svibnja slavi se europski mir i zajedni\u0161tvo. Datum ozna\u010dava godi\u0161njicu povijesne \u201eSchumanove deklaracije\u201c iz 1950. kojom je tada\u0161nji francuski ministar vanjskih poslova predlo\u017eio<\/div>\t\t<div class=\"raven-post-read-more\">\r\n\t\t\t<a class=\"raven-post-button\" href=\"https:\/\/europedirect-karlovac.eu\/en\/proslavili-smo-dan-europe\/\"><span class=\"raven-post-button-text\">Read More<\/span><\/a>\r\n\t\t<\/div>\r\n\t\t\t\t\t\t<\/div>\r\n\t\t\t<\/div>\r\n\t\t<\/div>\r\n\t\t\t\t<div class=\"raven-grid-item raven-post-item post-1163 post type-post status-publish format-standard has-post-thumbnail hentry category-vijesti\">\r\n\t\t\t<div class=\"raven-post\">\r\n\t\t\t\t\t\t<div class=\"raven-post-image-wrap\">\r\n\t\t\t<a class=\"raven-post-image raven-image-fit\" href=\"https:\/\/europedirect-karlovac.eu\/en\/zrinka-ujevic-preuzela-duznost-voditeljice-predstavnistva-europske-komisije-u-hrvatskoj\/\"><img loading=\"lazy\" decoding=\"async\" width=\"1024\" height=\"682\" src=\"https:\/\/europedirect-karlovac.eu\/wp-content\/uploads\/2024\/04\/Zrinka-Ujevic-1.jpg\" class=\"attachment-large size-large wp-image-1164\" alt=\"\" \/> <span class=\"raven-post-image-overlay\"><\/span><\/a>\t\t<\/div>\r\n\t\t\t\t\t\t<div class=\"raven-post-content\">\r\n\t\t\t\t\t<h3 class=\"raven-post-title\"><a class=\"raven-post-title-link\" href=\"https:\/\/europedirect-karlovac.eu\/en\/zrinka-ujevic-preuzela-duznost-voditeljice-predstavnistva-europske-komisije-u-hrvatskoj\/\">Zrinka Ujevi\u0107 takes up the position of Head of the European Commission Representation in Croatia<\/a><\/h3>\t\t<div class=\"raven-post-meta\"><a class=\"raven-post-meta-item raven-post-date\" href=\"https:\/\/europedirect-karlovac.eu\/en\/2024\/04\/\" rel=\"bookmark\">04\/04\/2024<\/a>\n<span class=\"raven-post-meta-divider\">\/<\/span>\n<a class=\"raven-post-meta-item raven-post-author\" href=\"https:\/\/europedirect-karlovac.eu\/en\/author\/admin\/\">admin<\/a>\n<span class=\"raven-post-meta-divider\">\/<\/span>\n<span class=\"raven-post-meta-item raven-post-categories\"><a href=\"https:\/\/europedirect-karlovac.eu\/en\/category\/vijesti\/\" rel=\"tag\">Vijesti<\/a><\/span>\n<span class=\"raven-post-meta-divider\">\/<\/span>\n<a class=\"raven-post-meta-item raven-post-comments\" href=\"https:\/\/europedirect-karlovac.eu\/en\/zrinka-ujevic-preuzela-duznost-voditeljice-predstavnistva-europske-komisije-u-hrvatskoj\/#comments\" rel=\"bookmark\">No Comments<\/a><\/div>\r\n\t\t<div class=\"raven-post-excerpt\">Zrinka Ujevi\u0107\u00a0preuzela je du\u017enost voditeljice Predstavni\u0161tva Europske komisije u Hrvatskoj 02.04.2024. U ovoj ulozi djeluje kao slu\u017ebena predstavnica Europske komisije u Hrvatskoj pod politi\u010dkom nadle\u017eno\u0161\u0107u predsjednice Europske komisije Ursule\u00a0von der<\/div>\t\t<div class=\"raven-post-read-more\">\r\n\t\t\t<a class=\"raven-post-button\" href=\"https:\/\/europedirect-karlovac.eu\/en\/zrinka-ujevic-preuzela-duznost-voditeljice-predstavnistva-europske-komisije-u-hrvatskoj\/\"><span class=\"raven-post-button-text\">Read More<\/span><\/a>\r\n\t\t<\/div>\r\n\t\t\t\t\t\t<\/div>\r\n\t\t\t<\/div>\r\n\t\t<\/div>\r\n\t\t\t\t<div class=\"raven-grid-item raven-post-item post-1159 post type-post status-publish format-standard has-post-thumbnail hentry category-vijesti\">\r\n\t\t\t<div class=\"raven-post\">\r\n\t\t\t\t\t\t<div class=\"raven-post-image-wrap\">\r\n\t\t\t<a class=\"raven-post-image raven-image-fit\" href=\"https:\/\/europedirect-karlovac.eu\/en\/europa-je-i-vasa-salica-kave-europe-direct-pokrece-turneju-za-ukljucivanje-gradana-uoci-europskih-izbora-2024\/\"><img loading=\"lazy\" decoding=\"async\" width=\"1024\" height=\"1024\" src=\"https:\/\/europedirect-karlovac.eu\/wp-content\/uploads\/2024\/03\/fINAL-Europa.Cafe-Karlovac--1024x1024.png\" class=\"attachment-large size-large wp-image-1161\" alt=\"\" srcset=\"https:\/\/europedirect-karlovac.eu\/wp-content\/uploads\/2024\/03\/fINAL-Europa.Cafe-Karlovac--1024x1024.png 1024w, https:\/\/europedirect-karlovac.eu\/wp-content\/uploads\/2024\/03\/fINAL-Europa.Cafe-Karlovac--300x300.png 300w, https:\/\/europedirect-karlovac.eu\/wp-content\/uploads\/2024\/03\/fINAL-Europa.Cafe-Karlovac--150x150.png 150w, https:\/\/europedirect-karlovac.eu\/wp-content\/uploads\/2024\/03\/fINAL-Europa.Cafe-Karlovac--768x768.png 768w, https:\/\/europedirect-karlovac.eu\/wp-content\/uploads\/2024\/03\/fINAL-Europa.Cafe-Karlovac--12x12.png 12w, https:\/\/europedirect-karlovac.eu\/wp-content\/uploads\/2024\/03\/fINAL-Europa.Cafe-Karlovac--500x500.png 500w, https:\/\/europedirect-karlovac.eu\/wp-content\/uploads\/2024\/03\/fINAL-Europa.Cafe-Karlovac-.png 1080w\" sizes=\"(max-width: 1024px) 100vw, 1024px\" \/> <span class=\"raven-post-image-overlay\"><\/span><\/a>\t\t<\/div>\r\n\t\t\t\t\t\t<div class=\"raven-post-content\">\r\n\t\t\t\t\t<h3 class=\"raven-post-title\"><a class=\"raven-post-title-link\" href=\"https:\/\/europedirect-karlovac.eu\/en\/europa-je-i-vasa-salica-kave-europe-direct-pokrece-turneju-za-ukljucivanje-gradana-uoci-europskih-izbora-2024\/\">\u201cEurope is Also Your Cup of Coffee\u201d: EUROPE DIRECT Launches Tour to Engage Citizens A.head of European Elections 2024<\/a><\/h3>\t\t<div class=\"raven-post-meta\"><a class=\"raven-post-meta-item raven-post-date\" href=\"https:\/\/europedirect-karlovac.eu\/en\/2024\/03\/\" rel=\"bookmark\">13\/03\/2024<\/a>\n<span class=\"raven-post-meta-divider\">\/<\/span>\n<a class=\"raven-post-meta-item raven-post-author\" href=\"https:\/\/europedirect-karlovac.eu\/en\/author\/admin\/\">admin<\/a>\n<span class=\"raven-post-meta-divider\">\/<\/span>\n<span class=\"raven-post-meta-item raven-post-categories\"><a href=\"https:\/\/europedirect-karlovac.eu\/en\/category\/vijesti\/\" rel=\"tag\">Vijesti<\/a><\/span>\n<span class=\"raven-post-meta-divider\">\/<\/span>\n<a class=\"raven-post-meta-item raven-post-comments\" href=\"https:\/\/europedirect-karlovac.eu\/en\/europa-je-i-vasa-salica-kave-europe-direct-pokrece-turneju-za-ukljucivanje-gradana-uoci-europskih-izbora-2024\/#comments\" rel=\"bookmark\">No Comments<\/a><\/div>\r\n\t\t<div class=\"raven-post-excerpt\">EUROPE DIRECT mre\u017ea Europske komisije s uzbu\u0111enjem najavljuje pokretanje Alpsko-jadranske Europe.Coffee turneje, inovativne inicijative \u010diji je cilj poticanje izravnog anga\u017emana s gra\u0111anima diljem Europe uo\u010di nadolaze\u0107ih europskih izbora. &nbsp; U<\/div>\t\t<div class=\"raven-post-read-more\">\r\n\t\t\t<a class=\"raven-post-button\" href=\"https:\/\/europedirect-karlovac.eu\/en\/europa-je-i-vasa-salica-kave-europe-direct-pokrece-turneju-za-ukljucivanje-gradana-uoci-europskih-izbora-2024\/\"><span class=\"raven-post-button-text\">Read More<\/span><\/a>\r\n\t\t<\/div>\r\n\t\t\t\t\t\t<\/div>\r\n\t\t\t<\/div>\r\n\t\t<\/div>\r\n\t\t\t\t<div class=\"raven-grid-item raven-post-item post-1154 post type-post status-publish format-standard has-post-thumbnail hentry category-vijesti\">\r\n\t\t\t<div class=\"raven-post\">\r\n\t\t\t\t\t\t<div class=\"raven-post-image-wrap\">\r\n\t\t\t<a class=\"raven-post-image raven-image-fit\" href=\"https:\/\/europedirect-karlovac.eu\/en\/nove-mogucnosti-financiranja-za-novinare-i-medijske-projekte-potpore-europske-unije\/\"><img loading=\"lazy\" decoding=\"async\" width=\"991\" height=\"661\" src=\"https:\/\/europedirect-karlovac.eu\/wp-content\/uploads\/2024\/01\/02123.png\" class=\"attachment-large size-large wp-image-1156\" alt=\"\" srcset=\"https:\/\/europedirect-karlovac.eu\/wp-content\/uploads\/2024\/01\/02123.png 991w, https:\/\/europedirect-karlovac.eu\/wp-content\/uploads\/2024\/01\/02123-300x200.png 300w, https:\/\/europedirect-karlovac.eu\/wp-content\/uploads\/2024\/01\/02123-768x512.png 768w, https:\/\/europedirect-karlovac.eu\/wp-content\/uploads\/2024\/01\/02123-18x12.png 18w\" sizes=\"(max-width: 991px) 100vw, 991px\" \/> <span class=\"raven-post-image-overlay\"><\/span><\/a>\t\t<\/div>\r\n\t\t\t\t\t\t<div class=\"raven-post-content\">\r\n\t\t\t\t\t<h3 class=\"raven-post-title\"><a class=\"raven-post-title-link\" href=\"https:\/\/europedirect-karlovac.eu\/en\/nove-mogucnosti-financiranja-za-novinare-i-medijske-projekte-potpore-europske-unije\/\">New funding opportunities for journalists and media projects: European Union support<\/a><\/h3>\t\t<div class=\"raven-post-meta\"><a class=\"raven-post-meta-item raven-post-date\" href=\"https:\/\/europedirect-karlovac.eu\/en\/2024\/01\/\" rel=\"bookmark\">23\/01\/2024<\/a>\n<span class=\"raven-post-meta-divider\">\/<\/span>\n<a class=\"raven-post-meta-item raven-post-author\" href=\"https:\/\/europedirect-karlovac.eu\/en\/author\/admin\/\">admin<\/a>\n<span class=\"raven-post-meta-divider\">\/<\/span>\n<span class=\"raven-post-meta-item raven-post-categories\"><a href=\"https:\/\/europedirect-karlovac.eu\/en\/category\/vijesti\/\" rel=\"tag\">Vijesti<\/a><\/span>\n<span class=\"raven-post-meta-divider\">\/<\/span>\n<a class=\"raven-post-meta-item raven-post-comments\" href=\"https:\/\/europedirect-karlovac.eu\/en\/nove-mogucnosti-financiranja-za-novinare-i-medijske-projekte-potpore-europske-unije\/#comments\" rel=\"bookmark\">No Comments<\/a><\/div>\r\n\t\t<div class=\"raven-post-excerpt\">Welcome to the world of news opportunities and media projects supported by the EU! Calls for proposals represent a unique opportunity for journalists, media professionals and organisations to contribute to strengthening media coverage. &nbsp;<\/div>\t\t<div class=\"raven-post-read-more\">\r\n\t\t\t<a class=\"raven-post-button\" href=\"https:\/\/europedirect-karlovac.eu\/en\/nove-mogucnosti-financiranja-za-novinare-i-medijske-projekte-potpore-europske-unije\/\"><span class=\"raven-post-button-text\">Read More<\/span><\/a>\r\n\t\t<\/div>\r\n\t\t\t\t\t\t<\/div>\r\n\t\t\t<\/div>\r\n\t\t<\/div>\r\n\t\t\t\t<\/div>\r\n\t\t\t\t<div class=\"raven-pagination\" data-settings=\"{&quot;posts_per_page&quot;:6,&quot;total_pages&quot;:12,&quot;pages_visible&quot;:7}\">\r\n\t\t\t<div class=\"raven-pagination-items\">\r\n\t\t\t\t<a class=\"raven-pagination-prev raven-pagination-item raven-pagination-disabled\" href=\"#\">&laquo; Prev<\/a><a class=\"raven-pagination-num raven-pagination-item raven-pagination-active\" href=\"#\" data-page-num=\"1\">1<\/a><a class=\"raven-pagination-num raven-pagination-item\" href=\"#\" data-page-num=\"2\">2<\/a><a class=\"raven-pagination-num raven-pagination-item\" href=\"#\" data-page-num=\"3\">3<\/a><a class=\"raven-pagination-num raven-pagination-item\" href=\"#\" data-page-num=\"4\">4<\/a><a class=\"raven-pagination-num raven-pagination-item\" href=\"#\" data-page-num=\"5\">5<\/a><a class=\"raven-pagination-num raven-pagination-item\" href=\"#\" data-page-num=\"6\">6<\/a><a class=\"raven-pagination-num raven-pagination-item\" href=\"#\" data-page-num=\"7\">7<\/a><a class=\"raven-pagination-next raven-pagination-item\" href=\"#\">Next &raquo;<\/a>\t\t\t<\/div>\r\n\t\t<\/div>\r\n\t\t\t\t\t\t<\/div>\n\t\t\t\t<\/div>\n\t\t\t\t\t<\/div>\n\t\t<\/div>\n\t\t\t\t\t<\/div>\n\t\t<\/section>\n\t\t\t\t<footer class=\"elementor-section elementor-top-section elementor-element elementor-element-6254902e elementor-section-boxed elementor-section-height-default elementor-section-height-default\" data-id=\"6254902e\" data-element_type=\"section\" data-settings=\"{&quot;background_background&quot;:&quot;classic&quot;}\">\n\t\t\t\t\t\t\t<div class=\"elementor-background-overlay\"><\/div>\n\t\t\t\t\t\t\t<div class=\"elementor-container elementor-column-gap-no\">\n\t\t\t\t\t<div class=\"elementor-column elementor-col-100 elementor-top-column elementor-element elementor-element-2c578c0b\" data-id=\"2c578c0b\" data-element_type=\"column\">\n\t\t\t<div class=\"elementor-widget-wrap elementor-element-populated\">\n\t\t\t\t\t\t<div class=\"elementor-element elementor-element-44d51c5c elementor-shape-rounded elementor-grid-0 e-grid-align-center elementor-widget elementor-widget-social-icons\" data-id=\"44d51c5c\" data-element_type=\"widget\" data-widget_type=\"social-icons.default\">\n\t\t\t\t<div class=\"elementor-widget-container\">\n\t\t\t\t\t\t\t<div class=\"elementor-social-icons-wrapper elementor-grid\">\n\t\t\t\t\t\t\t<span class=\"elementor-grid-item\">\n\t\t\t\t\t<a class=\"elementor-icon elementor-social-icon elementor-social-icon-facebook-f elementor-animation-pulse-grow elementor-repeater-item-07c479b\" href=\"https:\/\/www.facebook.com\/edickarlovac.eu\" target=\"_blank\">\n\t\t\t\t\t\t<span class=\"elementor-screen-only\">Facebook-f<\/span>\n\t\t\t\t\t\t<i class=\"fab fa-facebook-f\"><\/i>\t\t\t\t\t<\/a>\n\t\t\t\t<\/span>\n\t\t\t\t\t\t\t<span class=\"elementor-grid-item\">\n\t\t\t\t\t<a class=\"elementor-icon elementor-social-icon elementor-social-icon-twitter elementor-animation-pulse-grow elementor-repeater-item-29f359b\" href=\"#\" target=\"_blank\">\n\t\t\t\t\t\t<span class=\"elementor-screen-only\">Twitter<\/span>\n\t\t\t\t\t\t<i class=\"fab fa-twitter\"><\/i>\t\t\t\t\t<\/a>\n\t\t\t\t<\/span>\n\t\t\t\t\t\t\t<span class=\"elementor-grid-item\">\n\t\t\t\t\t<a class=\"elementor-icon elementor-social-icon elementor-social-icon-instagram elementor-animation-pulse-grow elementor-repeater-item-8b18a5c\" href=\"https:\/\/www.instagram.com\/?hl=en\" target=\"_blank\">\n\t\t\t\t\t\t<span class=\"elementor-screen-only\">Instagram<\/span>\n\t\t\t\t\t\t<i class=\"fab fa-instagram\"><\/i>\t\t\t\t\t<\/a>\n\t\t\t\t<\/span>\n\t\t\t\t\t<\/div>\n\t\t\t\t\t\t<\/div>\n\t\t\t\t<\/div>\n\t\t\t\t<div class=\"elementor-element elementor-element-7aaaf11f elementor-widget elementor-widget-text-editor\" data-id=\"7aaaf11f\" data-element_type=\"widget\" data-widget_type=\"text-editor.default\">\n\t\t\t\t<div class=\"elementor-widget-container\">\n\t\t\t\t\t\t\t\t\t<p style=\"text-align: center;\"><span style=\"color: #808080;\">Copyright \u00a9 2021 | EUROPE DIRECT CENTAR KARLOVAC<\/span><\/p>\t\t\t\t\t\t\t\t<\/div>\n\t\t\t\t<\/div>\n\t\t\t\t\t<\/div>\n\t\t<\/div>\n\t\t\t\t\t<\/div>\n\t\t<\/footer>\n\t\t\t\t<\/div>","protected":false},"excerpt":{"rendered":"<p>KOHEZIJSKA POLITIKA 26\/08\/2022 \/ admin \/ Vijesti \/ Nema komentara Kohezijska politika Europske unije: Hrvatskoj devet milijardi eura od 2021. do 2027. Hrvatska \u0107e u okviru sporazuma o partnerstvu s Komisijom primiti ukupno 9 milijardi eura sredstava kohezijske politike za Read More RADIONICA ZA DJECU I MLADE 04\/08\/2022 \/ admin \/ Vijesti \/ Nema komentara [&hellip;]<\/p>","protected":false},"author":1,"featured_media":0,"parent":0,"menu_order":0,"comment_status":"closed","ping_status":"closed","template":"","meta":{"_acf_changed":false,"footnotes":""},"class_list":["post-355","page","type-page","status-publish","hentry"],"acf":[],"yoast_head":"<!-- This site is optimized with the Yoast SEO plugin v27.5 - https:\/\/yoast.com\/product\/yoast-seo-wordpress\/ -->\n<title>Novosti - Europedirect Karlovac<\/title>\n<meta name=\"robots\" content=\"index, follow, max-snippet:-1, max-image-preview:large, max-video-preview:-1\" \/>\n<link rel=\"canonical\" href=\"https:\/\/europedirect-karlovac.eu\/en\/novosti\/\" \/>\n<meta property=\"og:locale\" content=\"en_US\" \/>\n<meta property=\"og:type\" content=\"article\" \/>\n<meta property=\"og:title\" content=\"Novosti - Europedirect Karlovac\" \/>\n<meta property=\"og:description\" content=\"KOHEZIJSKA POLITIKA 26\/08\/2022 \/ admin \/ Vijesti \/ Nema komentara Kohezijska politika Europske unije: Hrvatskoj devet milijardi eura od 2021. do 2027. Hrvatska \u0107e u okviru sporazuma o partnerstvu s Komisijom primiti ukupno 9 milijardi eura sredstava kohezijske politike za Read More RADIONICA ZA DJECU I MLADE 04\/08\/2022 \/ admin \/ Vijesti \/ Nema komentara [&hellip;]\" \/>\n<meta property=\"og:url\" content=\"https:\/\/europedirect-karlovac.eu\/en\/novosti\/\" \/>\n<meta property=\"og:site_name\" content=\"Europedirect Karlovac\" \/>\n<meta property=\"article:modified_time\" content=\"2022-08-29T06:31:21+00:00\" \/>\n<meta property=\"og:image\" content=\"https:\/\/europedirect-karlovac.eu\/wp-content\/uploads\/2022\/08\/PA_MS2.png\" \/>\n<meta name=\"twitter:card\" content=\"summary_large_image\" \/>\n<meta name=\"twitter:label1\" content=\"Est. reading time\" \/>\n\t<meta name=\"twitter:data1\" content=\"3 minutes\" \/>\n<script type=\"application\/ld+json\" class=\"yoast-schema-graph\">{\"@context\":\"https:\\\/\\\/schema.org\",\"@graph\":[{\"@type\":\"WebPage\",\"@id\":\"https:\\\/\\\/europedirect-karlovac.eu\\\/novosti\\\/\",\"url\":\"https:\\\/\\\/europedirect-karlovac.eu\\\/novosti\\\/\",\"name\":\"Novosti - Europedirect Karlovac\",\"isPartOf\":{\"@id\":\"https:\\\/\\\/europedirect-karlovac.eu\\\/#website\"},\"primaryImageOfPage\":{\"@id\":\"https:\\\/\\\/europedirect-karlovac.eu\\\/novosti\\\/#primaryimage\"},\"image\":{\"@id\":\"https:\\\/\\\/europedirect-karlovac.eu\\\/novosti\\\/#primaryimage\"},\"thumbnailUrl\":\"https:\\\/\\\/europedirect-karlovac.eu\\\/wp-content\\\/uploads\\\/2022\\\/08\\\/PA_MS2.png\",\"datePublished\":\"2021-07-15T16:38:18+00:00\",\"dateModified\":\"2022-08-29T06:31:21+00:00\",\"breadcrumb\":{\"@id\":\"https:\\\/\\\/europedirect-karlovac.eu\\\/novosti\\\/#breadcrumb\"},\"inLanguage\":\"en-US\",\"potentialAction\":[{\"@type\":\"ReadAction\",\"target\":[\"https:\\\/\\\/europedirect-karlovac.eu\\\/novosti\\\/\"]}]},{\"@type\":\"ImageObject\",\"inLanguage\":\"en-US\",\"@id\":\"https:\\\/\\\/europedirect-karlovac.eu\\\/novosti\\\/#primaryimage\",\"url\":\"https:\\\/\\\/europedirect-karlovac.eu\\\/wp-content\\\/uploads\\\/2022\\\/08\\\/PA_MS2.png\",\"contentUrl\":\"https:\\\/\\\/europedirect-karlovac.eu\\\/wp-content\\\/uploads\\\/2022\\\/08\\\/PA_MS2.png\"},{\"@type\":\"BreadcrumbList\",\"@id\":\"https:\\\/\\\/europedirect-karlovac.eu\\\/novosti\\\/#breadcrumb\",\"itemListElement\":[{\"@type\":\"ListItem\",\"position\":1,\"name\":\"Po\u010detna stranica\",\"item\":\"https:\\\/\\\/europedirect-karlovac.eu\\\/\"},{\"@type\":\"ListItem\",\"position\":2,\"name\":\"Novosti\"}]},{\"@type\":\"WebSite\",\"@id\":\"https:\\\/\\\/europedirect-karlovac.eu\\\/#website\",\"url\":\"https:\\\/\\\/europedirect-karlovac.eu\\\/\",\"name\":\"Europedirect Karlovac\",\"description\":\"europedirect-karlovac.eu\",\"potentialAction\":[{\"@type\":\"SearchAction\",\"target\":{\"@type\":\"EntryPoint\",\"urlTemplate\":\"https:\\\/\\\/europedirect-karlovac.eu\\\/?s={search_term_string}\"},\"query-input\":{\"@type\":\"PropertyValueSpecification\",\"valueRequired\":true,\"valueName\":\"search_term_string\"}}],\"inLanguage\":\"en-US\"}]}<\/script>\n<!-- \/ Yoast SEO plugin. -->","yoast_head_json":{"title":"Novosti - Europedirect Karlovac","robots":{"index":"index","follow":"follow","max-snippet":"max-snippet:-1","max-image-preview":"max-image-preview:large","max-video-preview":"max-video-preview:-1"},"canonical":"https:\/\/europedirect-karlovac.eu\/en\/novosti\/","og_locale":"en_US","og_type":"article","og_title":"Novosti - Europedirect Karlovac","og_description":"KOHEZIJSKA POLITIKA 26\/08\/2022 \/ admin \/ Vijesti \/ Nema komentara Kohezijska politika Europske unije: Hrvatskoj devet milijardi eura od 2021. do 2027. Hrvatska \u0107e u okviru sporazuma o partnerstvu s Komisijom primiti ukupno 9 milijardi eura sredstava kohezijske politike za Read More RADIONICA ZA DJECU I MLADE 04\/08\/2022 \/ admin \/ Vijesti \/ Nema komentara [&hellip;]","og_url":"https:\/\/europedirect-karlovac.eu\/en\/novosti\/","og_site_name":"Europedirect Karlovac","article_modified_time":"2022-08-29T06:31:21+00:00","og_image":[{"url":"https:\/\/europedirect-karlovac.eu\/wp-content\/uploads\/2022\/08\/PA_MS2.png","type":"","width":"","height":""}],"twitter_card":"summary_large_image","twitter_misc":{"Est. reading time":"3 minutes"},"schema":{"@context":"https:\/\/schema.org","@graph":[{"@type":"WebPage","@id":"https:\/\/europedirect-karlovac.eu\/novosti\/","url":"https:\/\/europedirect-karlovac.eu\/novosti\/","name":"Novosti - Europedirect Karlovac","isPartOf":{"@id":"https:\/\/europedirect-karlovac.eu\/#website"},"primaryImageOfPage":{"@id":"https:\/\/europedirect-karlovac.eu\/novosti\/#primaryimage"},"image":{"@id":"https:\/\/europedirect-karlovac.eu\/novosti\/#primaryimage"},"thumbnailUrl":"https:\/\/europedirect-karlovac.eu\/wp-content\/uploads\/2022\/08\/PA_MS2.png","datePublished":"2021-07-15T16:38:18+00:00","dateModified":"2022-08-29T06:31:21+00:00","breadcrumb":{"@id":"https:\/\/europedirect-karlovac.eu\/novosti\/#breadcrumb"},"inLanguage":"en-US","potentialAction":[{"@type":"ReadAction","target":["https:\/\/europedirect-karlovac.eu\/novosti\/"]}]},{"@type":"ImageObject","inLanguage":"en-US","@id":"https:\/\/europedirect-karlovac.eu\/novosti\/#primaryimage","url":"https:\/\/europedirect-karlovac.eu\/wp-content\/uploads\/2022\/08\/PA_MS2.png","contentUrl":"https:\/\/europedirect-karlovac.eu\/wp-content\/uploads\/2022\/08\/PA_MS2.png"},{"@type":"BreadcrumbList","@id":"https:\/\/europedirect-karlovac.eu\/novosti\/#breadcrumb","itemListElement":[{"@type":"ListItem","position":1,"name":"Po\u010detna stranica","item":"https:\/\/europedirect-karlovac.eu\/"},{"@type":"ListItem","position":2,"name":"Novosti"}]},{"@type":"WebSite","@id":"https:\/\/europedirect-karlovac.eu\/#website","url":"https:\/\/europedirect-karlovac.eu\/","name":"Europedirect Karlovac","description":"europedirect-karlovac.eu","potentialAction":[{"@type":"SearchAction","target":{"@type":"EntryPoint","urlTemplate":"https:\/\/europedirect-karlovac.eu\/?s={search_term_string}"},"query-input":{"@type":"PropertyValueSpecification","valueRequired":true,"valueName":"search_term_string"}}],"inLanguage":"en-US"}]}},"_links":{"self":[{"href":"https:\/\/europedirect-karlovac.eu\/en\/wp-json\/wp\/v2\/pages\/355","targetHints":{"allow":["GET"]}}],"collection":[{"href":"https:\/\/europedirect-karlovac.eu\/en\/wp-json\/wp\/v2\/pages"}],"about":[{"href":"https:\/\/europedirect-karlovac.eu\/en\/wp-json\/wp\/v2\/types\/page"}],"author":[{"embeddable":true,"href":"https:\/\/europedirect-karlovac.eu\/en\/wp-json\/wp\/v2\/users\/1"}],"replies":[{"embeddable":true,"href":"https:\/\/europedirect-karlovac.eu\/en\/wp-json\/wp\/v2\/comments?post=355"}],"version-history":[{"count":19,"href":"https:\/\/europedirect-karlovac.eu\/en\/wp-json\/wp\/v2\/pages\/355\/revisions"}],"predecessor-version":[{"id":905,"href":"https:\/\/europedirect-karlovac.eu\/en\/wp-json\/wp\/v2\/pages\/355\/revisions\/905"}],"wp:attachment":[{"href":"https:\/\/europedirect-karlovac.eu\/en\/wp-json\/wp\/v2\/media?parent=355"}],"curies":[{"name":"wp","href":"https:\/\/api.w.org\/{rel}","templated":true}]}}