{"id":375,"date":"2021-07-15T17:53:20","date_gmt":"2021-07-15T17:53:20","guid":{"rendered":"https:\/\/europedirect-karlovac.eu\/?page_id=375"},"modified":"2021-07-15T18:03:45","modified_gmt":"2021-07-15T18:03:45","slug":"europe-direct-karlovac-danas-2021-2025","status":"publish","type":"page","link":"https:\/\/europedirect-karlovac.eu\/en\/europe-direct-karlovac-danas-2021-2025\/","title":{"rendered":"EUROPE DIRECT KARLOVAC DANAS 2021.-2025."},"content":{"rendered":"<div data-elementor-type=\"wp-page\" data-elementor-id=\"375\" class=\"elementor elementor-375\">\n\t\t\t\t\t\t<section class=\"elementor-section elementor-top-section elementor-element elementor-element-ce092bd elementor-section-boxed elementor-section-height-default elementor-section-height-default\" data-id=\"ce092bd\" data-element_type=\"section\">\n\t\t\t\t\t\t<div class=\"elementor-container elementor-column-gap-default\">\n\t\t\t\t\t<div class=\"elementor-column elementor-col-100 elementor-top-column elementor-element elementor-element-47e703a\" data-id=\"47e703a\" data-element_type=\"column\">\n\t\t\t<div class=\"elementor-widget-wrap elementor-element-populated\">\n\t\t\t\t\t\t<div class=\"elementor-element elementor-element-eca36cc elementor-widget elementor-widget-heading\" data-id=\"eca36cc\" data-element_type=\"widget\" data-widget_type=\"heading.default\">\n\t\t\t\t<div class=\"elementor-widget-container\">\n\t\t\t\t\t<h2 class=\"elementor-heading-title elementor-size-default\">EUROPE DIRECT KARLOVAC DANAS\n2021.-2025. <\/h2>\t\t\t\t<\/div>\n\t\t\t\t<\/div>\n\t\t\t\t\t<\/div>\n\t\t<\/div>\n\t\t\t\t\t<\/div>\n\t\t<\/section>\n\t\t\t\t<section class=\"elementor-section elementor-top-section elementor-element elementor-element-62513bd elementor-section-boxed elementor-section-height-default elementor-section-height-default\" data-id=\"62513bd\" data-element_type=\"section\">\n\t\t\t\t\t\t<div class=\"elementor-container elementor-column-gap-default\">\n\t\t\t\t\t<div class=\"elementor-column elementor-col-100 elementor-top-column elementor-element elementor-element-68bdf6a\" data-id=\"68bdf6a\" data-element_type=\"column\">\n\t\t\t<div class=\"elementor-widget-wrap elementor-element-populated\">\n\t\t\t\t\t\t<div class=\"elementor-element elementor-element-7e879ee elementor-widget elementor-widget-text-editor\" data-id=\"7e879ee\" data-element_type=\"widget\" data-widget_type=\"text-editor.default\">\n\t\t\t\t<div class=\"elementor-widget-container\">\n\t\t\t\t\t\t\t\t\t<p>Europe direct Karlovac (ED Karlovac) entered the new generation of ED centers on May 1 with an excellently evaluated project and thus ensured work as an \"extended arm\" of the European Commission for Karlovac County until 2025. The first novelty compared to previous periods it is already visible in the name, so the previous Europe direct information center Karlovac (EDIC Karlovac) changed its name to Europe direct Karlovac. ED Karlovac is no longer just an information point, but wants to go directly among citizens, to schools, institutions and other organizations, in order to promote the priorities of the European Commission. The slogan under which it operates in the coming period is \"Meet, ask and discuss\".<\/p><p>In addition, in the coming period, larger funds are intended for it, and accordingly, more engagement is expected around the main priorities and tasks.<\/p>\t\t\t\t\t\t\t\t<\/div>\n\t\t\t\t<\/div>\n\t\t\t\t\t<\/div>\n\t\t<\/div>\n\t\t\t\t\t<\/div>\n\t\t<\/section>\n\t\t\t\t<section class=\"elementor-section elementor-top-section elementor-element elementor-element-b1036e4 elementor-section-boxed elementor-section-height-default elementor-section-height-default\" data-id=\"b1036e4\" data-element_type=\"section\">\n\t\t\t\t\t\t<div class=\"elementor-container elementor-column-gap-default\">\n\t\t\t\t\t<div class=\"elementor-column elementor-col-100 elementor-top-column elementor-element elementor-element-3905c3a\" data-id=\"3905c3a\" data-element_type=\"column\">\n\t\t\t<div class=\"elementor-widget-wrap elementor-element-populated\">\n\t\t\t\t\t\t<div class=\"elementor-element elementor-element-2a63861 elementor-widget elementor-widget-image\" data-id=\"2a63861\" data-element_type=\"widget\" data-widget_type=\"image.default\">\n\t\t\t\t<div class=\"elementor-widget-container\">\n\t\t\t\t\t\t\t\t\t\t\t\t\t\t\t<img fetchpriority=\"high\" decoding=\"async\" width=\"768\" height=\"418\" src=\"https:\/\/europedirect-karlovac.eu\/wp-content\/uploads\/2021\/07\/slider1.png\" class=\"attachment-full size-full wp-image-377\" alt=\"\" srcset=\"https:\/\/europedirect-karlovac.eu\/wp-content\/uploads\/2021\/07\/slider1.png 768w, https:\/\/europedirect-karlovac.eu\/wp-content\/uploads\/2021\/07\/slider1-300x163.png 300w\" sizes=\"(max-width: 768px) 100vw, 768px\" \/>\t\t\t\t\t\t\t\t\t\t\t\t\t\t\t<\/div>\n\t\t\t\t<\/div>\n\t\t\t\t\t<\/div>\n\t\t<\/div>\n\t\t\t\t\t<\/div>\n\t\t<\/section>\n\t\t\t\t<section class=\"elementor-section elementor-top-section elementor-element elementor-element-662ad1b elementor-section-boxed elementor-section-height-default elementor-section-height-default\" data-id=\"662ad1b\" data-element_type=\"section\">\n\t\t\t\t\t\t<div class=\"elementor-container elementor-column-gap-default\">\n\t\t\t\t\t<div class=\"elementor-column elementor-col-100 elementor-top-column elementor-element elementor-element-98122fb\" data-id=\"98122fb\" data-element_type=\"column\">\n\t\t\t<div class=\"elementor-widget-wrap elementor-element-populated\">\n\t\t\t\t\t\t<div class=\"elementor-element elementor-element-cc96f86 elementor-widget elementor-widget-text-editor\" data-id=\"cc96f86\" data-element_type=\"widget\" data-widget_type=\"text-editor.default\">\n\t\t\t\t<div class=\"elementor-widget-container\">\n\t\t\t\t\t\t\t\t\t<p align=\"justify\">By the end of the year, ED Karlovac will focus on two basic priorities of the European Commission: the European Green Plan and Europe ready for the digital age, and plans to pay great attention and intensified activity to the Conference of the Future and the Recovery and Resilience Plan. The plan is to organize a series of events, workshops, forums and other activities, and it will inform citizens on a daily basis via social networks and the web.<\/p>\t\t\t\t\t\t\t\t<\/div>\n\t\t\t\t<\/div>\n\t\t\t\t\t<\/div>\n\t\t<\/div>\n\t\t\t\t\t<\/div>\n\t\t<\/section>\n\t\t\t\t<footer class=\"elementor-section elementor-top-section elementor-element elementor-element-8860a3d elementor-section-stretched elementor-section-boxed elementor-section-height-default elementor-section-height-default\" data-id=\"8860a3d\" data-element_type=\"section\" data-settings=\"{&quot;background_background&quot;:&quot;classic&quot;,&quot;stretch_section&quot;:&quot;section-stretched&quot;}\">\n\t\t\t\t\t\t\t<div class=\"elementor-background-overlay\"><\/div>\n\t\t\t\t\t\t\t<div class=\"elementor-container elementor-column-gap-no\">\n\t\t\t\t\t<div class=\"elementor-column elementor-col-100 elementor-top-column elementor-element elementor-element-7b9d3262\" data-id=\"7b9d3262\" data-element_type=\"column\">\n\t\t\t<div class=\"elementor-widget-wrap elementor-element-populated\">\n\t\t\t\t\t\t<div class=\"elementor-element elementor-element-4d996f91 elementor-shape-rounded elementor-grid-0 e-grid-align-center elementor-widget elementor-widget-social-icons\" data-id=\"4d996f91\" data-element_type=\"widget\" data-widget_type=\"social-icons.default\">\n\t\t\t\t<div class=\"elementor-widget-container\">\n\t\t\t\t\t\t\t<div class=\"elementor-social-icons-wrapper elementor-grid\">\n\t\t\t\t\t\t\t<span class=\"elementor-grid-item\">\n\t\t\t\t\t<a class=\"elementor-icon elementor-social-icon elementor-social-icon-facebook-f elementor-animation-pulse-grow elementor-repeater-item-07c479b\" href=\"https:\/\/www.facebook.com\/edickarlovac.eu\" target=\"_blank\">\n\t\t\t\t\t\t<span class=\"elementor-screen-only\">Facebook-f<\/span>\n\t\t\t\t\t\t<i class=\"fab fa-facebook-f\"><\/i>\t\t\t\t\t<\/a>\n\t\t\t\t<\/span>\n\t\t\t\t\t\t\t<span class=\"elementor-grid-item\">\n\t\t\t\t\t<a class=\"elementor-icon elementor-social-icon elementor-social-icon-twitter elementor-animation-pulse-grow elementor-repeater-item-29f359b\" href=\"#\" target=\"_blank\">\n\t\t\t\t\t\t<span class=\"elementor-screen-only\">Twitter<\/span>\n\t\t\t\t\t\t<i class=\"fab fa-twitter\"><\/i>\t\t\t\t\t<\/a>\n\t\t\t\t<\/span>\n\t\t\t\t\t\t\t<span class=\"elementor-grid-item\">\n\t\t\t\t\t<a class=\"elementor-icon elementor-social-icon elementor-social-icon-instagram elementor-animation-pulse-grow elementor-repeater-item-8b18a5c\" href=\"https:\/\/www.instagram.com\/?hl=en\" target=\"_blank\">\n\t\t\t\t\t\t<span class=\"elementor-screen-only\">Instagram<\/span>\n\t\t\t\t\t\t<i class=\"fab fa-instagram\"><\/i>\t\t\t\t\t<\/a>\n\t\t\t\t<\/span>\n\t\t\t\t\t<\/div>\n\t\t\t\t\t\t<\/div>\n\t\t\t\t<\/div>\n\t\t\t\t<div class=\"elementor-element elementor-element-720d6d2d elementor-widget elementor-widget-text-editor\" data-id=\"720d6d2d\" data-element_type=\"widget\" data-widget_type=\"text-editor.default\">\n\t\t\t\t<div class=\"elementor-widget-container\">\n\t\t\t\t\t\t\t\t\t<p style=\"text-align: center;\"><span style=\"color: #808080;\">Copyright \u00a9 2021 | EUROPE DIRECT CENTAR KARLOVAC<\/span><\/p>\t\t\t\t\t\t\t\t<\/div>\n\t\t\t\t<\/div>\n\t\t\t\t\t<\/div>\n\t\t<\/div>\n\t\t\t\t\t<\/div>\n\t\t<\/footer>\n\t\t\t\t<\/div>","protected":false},"excerpt":{"rendered":"<p>EUROPE DIRECT KARLOVAC DANAS 2021.-2025. Europe direct Karlovac (ED Karlovac) od 1. svibnja, odli\u010dno ocijenjenim projektom u\u0161ao u je u novu generaciju ED centara i time osigurao rad kao \u201eprodu\u017eena ruka\u201c Europske komisije za Karlova\u010dku \u017eupaniju do 2025. godine.. Prva novina u odnosu na prethodna razdoblja vidljiva je ve\u0107 u nazivu, pa je tako dosada\u0161nji [&hellip;]<\/p>","protected":false},"author":1,"featured_media":0,"parent":0,"menu_order":0,"comment_status":"closed","ping_status":"closed","template":"","meta":{"_acf_changed":false,"footnotes":""},"class_list":["post-375","page","type-page","status-publish","hentry"],"acf":[],"yoast_head":"<!-- This site is optimized with the Yoast SEO plugin v27.5 - https:\/\/yoast.com\/product\/yoast-seo-wordpress\/ -->\n<title>EUROPE DIRECT KARLOVAC DANAS 2021.-2025. - Europedirect Karlovac<\/title>\n<meta name=\"robots\" content=\"index, follow, max-snippet:-1, max-image-preview:large, max-video-preview:-1\" \/>\n<link rel=\"canonical\" href=\"https:\/\/europedirect-karlovac.eu\/en\/europe-direct-karlovac-danas-2021-2025\/\" \/>\n<meta property=\"og:locale\" content=\"en_US\" \/>\n<meta property=\"og:type\" content=\"article\" \/>\n<meta property=\"og:title\" content=\"EUROPE DIRECT KARLOVAC DANAS 2021.-2025. - Europedirect Karlovac\" \/>\n<meta property=\"og:description\" content=\"EUROPE DIRECT KARLOVAC DANAS 2021.-2025. Europe direct Karlovac (ED Karlovac) od 1. svibnja, odli\u010dno ocijenjenim projektom u\u0161ao u je u novu generaciju ED centara i time osigurao rad kao \u201eprodu\u017eena ruka\u201c Europske komisije za Karlova\u010dku \u017eupaniju do 2025. godine.. Prva novina u odnosu na prethodna razdoblja vidljiva je ve\u0107 u nazivu, pa je tako dosada\u0161nji [&hellip;]\" \/>\n<meta property=\"og:url\" content=\"https:\/\/europedirect-karlovac.eu\/en\/europe-direct-karlovac-danas-2021-2025\/\" \/>\n<meta property=\"og:site_name\" content=\"Europedirect Karlovac\" \/>\n<meta property=\"article:modified_time\" content=\"2021-07-15T18:03:45+00:00\" \/>\n<meta property=\"og:image\" content=\"https:\/\/europedirect-karlovac.eu\/wp-content\/uploads\/2021\/07\/slider1.png\" \/>\n<meta name=\"twitter:card\" content=\"summary_large_image\" \/>\n<meta name=\"twitter:label1\" content=\"Est. reading time\" \/>\n\t<meta name=\"twitter:data1\" content=\"1 minute\" \/>\n<script type=\"application\/ld+json\" class=\"yoast-schema-graph\">{\"@context\":\"https:\\\/\\\/schema.org\",\"@graph\":[{\"@type\":\"WebPage\",\"@id\":\"https:\\\/\\\/europedirect-karlovac.eu\\\/europe-direct-karlovac-danas-2021-2025\\\/\",\"url\":\"https:\\\/\\\/europedirect-karlovac.eu\\\/europe-direct-karlovac-danas-2021-2025\\\/\",\"name\":\"EUROPE DIRECT KARLOVAC DANAS 2021.-2025. - Europedirect Karlovac\",\"isPartOf\":{\"@id\":\"https:\\\/\\\/europedirect-karlovac.eu\\\/#website\"},\"primaryImageOfPage\":{\"@id\":\"https:\\\/\\\/europedirect-karlovac.eu\\\/europe-direct-karlovac-danas-2021-2025\\\/#primaryimage\"},\"image\":{\"@id\":\"https:\\\/\\\/europedirect-karlovac.eu\\\/europe-direct-karlovac-danas-2021-2025\\\/#primaryimage\"},\"thumbnailUrl\":\"https:\\\/\\\/europedirect-karlovac.eu\\\/wp-content\\\/uploads\\\/2021\\\/07\\\/slider1.png\",\"datePublished\":\"2021-07-15T17:53:20+00:00\",\"dateModified\":\"2021-07-15T18:03:45+00:00\",\"breadcrumb\":{\"@id\":\"https:\\\/\\\/europedirect-karlovac.eu\\\/europe-direct-karlovac-danas-2021-2025\\\/#breadcrumb\"},\"inLanguage\":\"en-US\",\"potentialAction\":[{\"@type\":\"ReadAction\",\"target\":[\"https:\\\/\\\/europedirect-karlovac.eu\\\/europe-direct-karlovac-danas-2021-2025\\\/\"]}]},{\"@type\":\"ImageObject\",\"inLanguage\":\"en-US\",\"@id\":\"https:\\\/\\\/europedirect-karlovac.eu\\\/europe-direct-karlovac-danas-2021-2025\\\/#primaryimage\",\"url\":\"https:\\\/\\\/europedirect-karlovac.eu\\\/wp-content\\\/uploads\\\/2021\\\/07\\\/slider1.png\",\"contentUrl\":\"https:\\\/\\\/europedirect-karlovac.eu\\\/wp-content\\\/uploads\\\/2021\\\/07\\\/slider1.png\"},{\"@type\":\"BreadcrumbList\",\"@id\":\"https:\\\/\\\/europedirect-karlovac.eu\\\/europe-direct-karlovac-danas-2021-2025\\\/#breadcrumb\",\"itemListElement\":[{\"@type\":\"ListItem\",\"position\":1,\"name\":\"Po\u010detna stranica\",\"item\":\"https:\\\/\\\/europedirect-karlovac.eu\\\/\"},{\"@type\":\"ListItem\",\"position\":2,\"name\":\"EUROPE DIRECT KARLOVAC DANAS 2021.-2025.\"}]},{\"@type\":\"WebSite\",\"@id\":\"https:\\\/\\\/europedirect-karlovac.eu\\\/#website\",\"url\":\"https:\\\/\\\/europedirect-karlovac.eu\\\/\",\"name\":\"Europedirect Karlovac\",\"description\":\"europedirect-karlovac.eu\",\"potentialAction\":[{\"@type\":\"SearchAction\",\"target\":{\"@type\":\"EntryPoint\",\"urlTemplate\":\"https:\\\/\\\/europedirect-karlovac.eu\\\/?s={search_term_string}\"},\"query-input\":{\"@type\":\"PropertyValueSpecification\",\"valueRequired\":true,\"valueName\":\"search_term_string\"}}],\"inLanguage\":\"en-US\"}]}<\/script>\n<!-- \/ Yoast SEO plugin. -->","yoast_head_json":{"title":"EUROPE DIRECT KARLOVAC DANAS 2021.-2025. - Europedirect Karlovac","robots":{"index":"index","follow":"follow","max-snippet":"max-snippet:-1","max-image-preview":"max-image-preview:large","max-video-preview":"max-video-preview:-1"},"canonical":"https:\/\/europedirect-karlovac.eu\/en\/europe-direct-karlovac-danas-2021-2025\/","og_locale":"en_US","og_type":"article","og_title":"EUROPE DIRECT KARLOVAC DANAS 2021.-2025. - Europedirect Karlovac","og_description":"EUROPE DIRECT KARLOVAC DANAS 2021.-2025. Europe direct Karlovac (ED Karlovac) od 1. svibnja, odli\u010dno ocijenjenim projektom u\u0161ao u je u novu generaciju ED centara i time osigurao rad kao \u201eprodu\u017eena ruka\u201c Europske komisije za Karlova\u010dku \u017eupaniju do 2025. godine.. Prva novina u odnosu na prethodna razdoblja vidljiva je ve\u0107 u nazivu, pa je tako dosada\u0161nji [&hellip;]","og_url":"https:\/\/europedirect-karlovac.eu\/en\/europe-direct-karlovac-danas-2021-2025\/","og_site_name":"Europedirect Karlovac","article_modified_time":"2021-07-15T18:03:45+00:00","og_image":[{"url":"https:\/\/europedirect-karlovac.eu\/wp-content\/uploads\/2021\/07\/slider1.png","type":"","width":"","height":""}],"twitter_card":"summary_large_image","twitter_misc":{"Est. reading time":"1 minute"},"schema":{"@context":"https:\/\/schema.org","@graph":[{"@type":"WebPage","@id":"https:\/\/europedirect-karlovac.eu\/europe-direct-karlovac-danas-2021-2025\/","url":"https:\/\/europedirect-karlovac.eu\/europe-direct-karlovac-danas-2021-2025\/","name":"EUROPE DIRECT KARLOVAC DANAS 2021.-2025. - Europedirect Karlovac","isPartOf":{"@id":"https:\/\/europedirect-karlovac.eu\/#website"},"primaryImageOfPage":{"@id":"https:\/\/europedirect-karlovac.eu\/europe-direct-karlovac-danas-2021-2025\/#primaryimage"},"image":{"@id":"https:\/\/europedirect-karlovac.eu\/europe-direct-karlovac-danas-2021-2025\/#primaryimage"},"thumbnailUrl":"https:\/\/europedirect-karlovac.eu\/wp-content\/uploads\/2021\/07\/slider1.png","datePublished":"2021-07-15T17:53:20+00:00","dateModified":"2021-07-15T18:03:45+00:00","breadcrumb":{"@id":"https:\/\/europedirect-karlovac.eu\/europe-direct-karlovac-danas-2021-2025\/#breadcrumb"},"inLanguage":"en-US","potentialAction":[{"@type":"ReadAction","target":["https:\/\/europedirect-karlovac.eu\/europe-direct-karlovac-danas-2021-2025\/"]}]},{"@type":"ImageObject","inLanguage":"en-US","@id":"https:\/\/europedirect-karlovac.eu\/europe-direct-karlovac-danas-2021-2025\/#primaryimage","url":"https:\/\/europedirect-karlovac.eu\/wp-content\/uploads\/2021\/07\/slider1.png","contentUrl":"https:\/\/europedirect-karlovac.eu\/wp-content\/uploads\/2021\/07\/slider1.png"},{"@type":"BreadcrumbList","@id":"https:\/\/europedirect-karlovac.eu\/europe-direct-karlovac-danas-2021-2025\/#breadcrumb","itemListElement":[{"@type":"ListItem","position":1,"name":"Po\u010detna stranica","item":"https:\/\/europedirect-karlovac.eu\/"},{"@type":"ListItem","position":2,"name":"EUROPE DIRECT KARLOVAC DANAS 2021.-2025."}]},{"@type":"WebSite","@id":"https:\/\/europedirect-karlovac.eu\/#website","url":"https:\/\/europedirect-karlovac.eu\/","name":"Europedirect Karlovac","description":"europedirect-karlovac.eu","potentialAction":[{"@type":"SearchAction","target":{"@type":"EntryPoint","urlTemplate":"https:\/\/europedirect-karlovac.eu\/?s={search_term_string}"},"query-input":{"@type":"PropertyValueSpecification","valueRequired":true,"valueName":"search_term_string"}}],"inLanguage":"en-US"}]}},"_links":{"self":[{"href":"https:\/\/europedirect-karlovac.eu\/en\/wp-json\/wp\/v2\/pages\/375","targetHints":{"allow":["GET"]}}],"collection":[{"href":"https:\/\/europedirect-karlovac.eu\/en\/wp-json\/wp\/v2\/pages"}],"about":[{"href":"https:\/\/europedirect-karlovac.eu\/en\/wp-json\/wp\/v2\/types\/page"}],"author":[{"embeddable":true,"href":"https:\/\/europedirect-karlovac.eu\/en\/wp-json\/wp\/v2\/users\/1"}],"replies":[{"embeddable":true,"href":"https:\/\/europedirect-karlovac.eu\/en\/wp-json\/wp\/v2\/comments?post=375"}],"version-history":[{"count":16,"href":"https:\/\/europedirect-karlovac.eu\/en\/wp-json\/wp\/v2\/pages\/375\/revisions"}],"predecessor-version":[{"id":405,"href":"https:\/\/europedirect-karlovac.eu\/en\/wp-json\/wp\/v2\/pages\/375\/revisions\/405"}],"wp:attachment":[{"href":"https:\/\/europedirect-karlovac.eu\/en\/wp-json\/wp\/v2\/media?parent=375"}],"curies":[{"name":"wp","href":"https:\/\/api.w.org\/{rel}","templated":true}]}}